{"id":1123,"date":"2021-09-16T13:58:10","date_gmt":"2021-09-16T11:58:10","guid":{"rendered":"https:\/\/digit.srl\/?page_id=1123"},"modified":"2024-02-08T15:52:01","modified_gmt":"2024-02-08T14:52:01","slug":"vetrina","status":"publish","type":"page","link":"https:\/\/digit.srl\/en\/vetrina\/","title":{"rendered":"Garibaldi 66"},"content":{"rendered":"<p><strong>La vetrina che racconta storie ai passanti<\/strong><\/p>\n\n\n\n<p>La vetrina di Corso Garibaldi 66 non vende nulla, ma racconta storie ai passanti, propone una visione originale delle tecnologie digitali, presenta documenti inediti, stimola riflessioni, invita a una pausa, sperimenta forme di coinvolgimento ed evolve nel tempo.<\/p>\n\n\n\n<p>\u201cAvendo scelto il centro storico di Urbino come sede per una srl innovativa \u2013 dice Alessandro Bogliolo \u2013 &nbsp;ci \u00e8 sembrato naturale rivolgerci prima di tutto a chi lo frequenta, a chi passa qui davanti per caso, raccontandogli in anteprima, in modo intimo e quotidiano, la nostra visione del rapporto tra umanit\u00e0 e innovazione digitale. Speriamo di suscitare e soddisfare curiosit\u00e0, offrendo un motivo in pi\u00f9 al passeggio, o un pretesto di pausa a chi passa di corsa.\u201d<\/p>\n\n\n\n<p>La vetrina evolve con il trascorrere dei giorni e cambia storia con il passare dei mesi. Chi passa abitualmente pu\u00f2 cercare le differenze, raccogliere i dettagli che compongono la storia, raccontarla a sua volta.<\/p>\n\n\n\n<p>Ogni nuova storia viene presentata pubblicamente nel corso di un incontro informale di fronte alla vetrina. Durante l\u2019incontro del 3 luglio, chi avr\u00e0 gi\u00e0 seguito la storia della vetrina per i primi tre giorni sar\u00e0 invitato a riassumerla a chi la vede per la prima volta.<\/p>\n\n\n\n<p>La vetrina \u00e8 anche oggetto di collaborazione e di sperimentazione. Ogni allestimento si avvale della collaborazione di enti, associazioni, privati cittadini, negozianti, che possano contribuire a sviluppare il tema a cui \u00e8 dedicata la vetrina, mentre il progetto&nbsp;<strong>vetrine attive<\/strong>, intrapreso da&nbsp;<strong>DIGIT<\/strong>&nbsp;srl in collaborazione con l\u2019<strong>Universit\u00e0 di Urbino<\/strong>&nbsp;e la&nbsp;<strong>Stark<\/strong>, studia l\u2019impatto che le vetrine possono produrre come strumento di sviluppo territoriale, di recupero e di riqualificazione urbana, mettendo a disposizione risultati e tecnologie.<\/p>\n\n\n\n<div class=\"wp-block-group has-global-padding is-layout-constrained wp-block-group-is-layout-constrained\">\n<figure class=\"wp-block-image size-large\"><img loading=\"lazy\" decoding=\"async\" width=\"1024\" height=\"512\" src=\"https:\/\/digit.srl\/wp-content\/uploads\/2020\/09\/vetrina-digit-fahrenheit-1024x512.jpg\" alt=\"\" class=\"wp-image-44\" style=\"aspect-ratio:16\/9;object-fit:cover\" srcset=\"https:\/\/digit.srl\/wp-content\/uploads\/2020\/09\/vetrina-digit-fahrenheit-1024x512.jpg 1024w, https:\/\/digit.srl\/wp-content\/uploads\/2020\/09\/vetrina-digit-fahrenheit-300x150.jpg 300w, https:\/\/digit.srl\/wp-content\/uploads\/2020\/09\/vetrina-digit-fahrenheit-768x384.jpg 768w, https:\/\/digit.srl\/wp-content\/uploads\/2020\/09\/vetrina-digit-fahrenheit-1536x768.jpg 1536w, https:\/\/digit.srl\/wp-content\/uploads\/2020\/09\/vetrina-digit-fahrenheit-2048x1024.jpg 2048w\" sizes=\"(max-width: 1024px) 100vw, 1024px\" \/><\/figure>\n\n\n\n<p class=\"has-text-align-center\"><strong><a href=\"https:\/\/digit.srl\/en\/vetrina\/prima-storia\/\">Prima vetrina<\/a><\/strong>\u00a0\u2013\u00a0<strong>Apertura<\/strong>\u00a0primo luglio 2019 \u2013\u00a0<strong>Presentazione<\/strong>\u00a03 luglio, 19:00<\/p>\n<\/div>\n\n\n\n<div class=\"wp-block-group has-global-padding is-layout-constrained wp-block-group-is-layout-constrained\">\n<figure class=\"wp-block-image size-large is-resized\"><img loading=\"lazy\" decoding=\"async\" width=\"1024\" height=\"512\" src=\"https:\/\/digit.srl\/wp-content\/uploads\/2020\/09\/vetrina-digit-montessori-1024x512.jpg\" alt=\"\" class=\"wp-image-45\" style=\"aspect-ratio:1.7777777777777777;object-fit:cover;width:760px;height:auto\" srcset=\"https:\/\/digit.srl\/wp-content\/uploads\/2020\/09\/vetrina-digit-montessori-1024x512.jpg 1024w, https:\/\/digit.srl\/wp-content\/uploads\/2020\/09\/vetrina-digit-montessori-300x150.jpg 300w, https:\/\/digit.srl\/wp-content\/uploads\/2020\/09\/vetrina-digit-montessori-768x384.jpg 768w, https:\/\/digit.srl\/wp-content\/uploads\/2020\/09\/vetrina-digit-montessori-1536x768.jpg 1536w, https:\/\/digit.srl\/wp-content\/uploads\/2020\/09\/vetrina-digit-montessori-2048x1024.jpg 2048w\" sizes=\"(max-width: 1024px) 100vw, 1024px\" \/><\/figure>\n\n\n\n<p class=\"has-text-align-center\" style=\"margin-top:var(--wp--preset--spacing--x-small);margin-bottom:var(--wp--preset--spacing--x-small)\"><strong><a href=\"https:\/\/digit.srl\/en\/vetrina\/seconda-storia\/\">Seconda vetrina<\/a><\/strong>&nbsp;\u2013&nbsp;<strong>Apertura<\/strong>&nbsp;26 agosto 2019 \u2013&nbsp;<strong>Presentazione<\/strong>&nbsp;28 agosto, 18:30<\/p>\n\n\n\n<figure class=\"wp-block-image size-large is-style-default\"><img loading=\"lazy\" decoding=\"async\" width=\"1024\" height=\"792\" src=\"https:\/\/digit.srl\/wp-content\/uploads\/2020\/09\/cropped-digit-vetrina-codyroby-2-1024x792.jpg\" alt=\"\" class=\"wp-image-102\" style=\"aspect-ratio:16\/9;object-fit:cover\" srcset=\"https:\/\/digit.srl\/wp-content\/uploads\/2020\/09\/cropped-digit-vetrina-codyroby-2-1024x792.jpg 1024w, https:\/\/digit.srl\/wp-content\/uploads\/2020\/09\/cropped-digit-vetrina-codyroby-2-300x232.jpg 300w, https:\/\/digit.srl\/wp-content\/uploads\/2020\/09\/cropped-digit-vetrina-codyroby-2-768x594.jpg 768w, https:\/\/digit.srl\/wp-content\/uploads\/2020\/09\/cropped-digit-vetrina-codyroby-2-1232x952.jpg 1232w, https:\/\/digit.srl\/wp-content\/uploads\/2020\/09\/cropped-digit-vetrina-codyroby-2.jpg 1397w\" sizes=\"(max-width: 1024px) 100vw, 1024px\" \/><\/figure>\n\n\n\n<p class=\"has-text-align-center\" style=\"margin-top:var(--wp--preset--spacing--x-small);margin-right:0;margin-bottom:var(--wp--preset--spacing--x-small);margin-left:0\"><strong><a href=\"https:\/\/digit.srl\/en\/vetrina\/terza-storia\/\">Terza vetrina<\/a><\/strong>\u00a0\u2013\u00a0<strong>Apertura<\/strong>\u00a028 ottobre 2019 \u2013\u00a0<strong>Presentazione<\/strong>\u00a028 ottobre, 18:30<\/p>\n\n\n\n<figure class=\"wp-block-image size-large\"><img loading=\"lazy\" decoding=\"async\" width=\"1024\" height=\"512\" src=\"https:\/\/digit.srl\/wp-content\/uploads\/2020\/09\/digit-vetrina-fahrenheit-2-1024x512.jpg\" alt=\"\" class=\"wp-image-73\" style=\"aspect-ratio:16\/9;object-fit:cover\" srcset=\"https:\/\/digit.srl\/wp-content\/uploads\/2020\/09\/digit-vetrina-fahrenheit-2-1024x512.jpg 1024w, https:\/\/digit.srl\/wp-content\/uploads\/2020\/09\/digit-vetrina-fahrenheit-2-300x150.jpg 300w, https:\/\/digit.srl\/wp-content\/uploads\/2020\/09\/digit-vetrina-fahrenheit-2-768x384.jpg 768w, https:\/\/digit.srl\/wp-content\/uploads\/2020\/09\/digit-vetrina-fahrenheit-2-1536x768.jpg 1536w, https:\/\/digit.srl\/wp-content\/uploads\/2020\/09\/digit-vetrina-fahrenheit-2-2048x1024.jpg 2048w\" sizes=\"(max-width: 1024px) 100vw, 1024px\" \/><\/figure>\n\n\n\n<p class=\"has-text-align-center\" style=\"margin-top:var(--wp--preset--spacing--x-small);margin-right:0;margin-bottom:var(--wp--preset--spacing--x-small);margin-left:0\"><strong><a href=\"https:\/\/digit.srl\/en\/vetrina\/quarta-storia\/\">Quarta vetrina<\/a><\/strong>\u00a0\u2013\u00a0<strong>Apertura<\/strong>\u00a027 gennaio 2020 \u2013\u00a0<strong>Presentazione<\/strong>\u00a027 gennaio, 18:30<\/p>\n\n\n\n<figure class=\"wp-block-image size-large\"><img loading=\"lazy\" decoding=\"async\" width=\"1024\" height=\"768\" src=\"https:\/\/digit.srl\/wp-content\/uploads\/2020\/09\/WhatsApp-Image-2020-09-24-at-19.06.32-1024x768.jpeg\" alt=\"\" class=\"wp-image-110\" style=\"aspect-ratio:16\/9;object-fit:cover\" srcset=\"https:\/\/digit.srl\/wp-content\/uploads\/2020\/09\/WhatsApp-Image-2020-09-24-at-19.06.32-1024x768.jpeg 1024w, https:\/\/digit.srl\/wp-content\/uploads\/2020\/09\/WhatsApp-Image-2020-09-24-at-19.06.32-300x225.jpeg 300w, https:\/\/digit.srl\/wp-content\/uploads\/2020\/09\/WhatsApp-Image-2020-09-24-at-19.06.32-768x576.jpeg 768w, https:\/\/digit.srl\/wp-content\/uploads\/2020\/09\/WhatsApp-Image-2020-09-24-at-19.06.32-1536x1152.jpeg 1536w, https:\/\/digit.srl\/wp-content\/uploads\/2020\/09\/WhatsApp-Image-2020-09-24-at-19.06.32-1232x924.jpeg 1232w, https:\/\/digit.srl\/wp-content\/uploads\/2020\/09\/WhatsApp-Image-2020-09-24-at-19.06.32-1440x1080.jpeg 1440w, https:\/\/digit.srl\/wp-content\/uploads\/2020\/09\/WhatsApp-Image-2020-09-24-at-19.06.32.jpeg 2048w\" sizes=\"(max-width: 1024px) 100vw, 1024px\" \/><\/figure>\n\n\n\n<p class=\"has-text-align-center\" style=\"margin-top:var(--wp--preset--spacing--x-small);margin-bottom:var(--wp--preset--spacing--x-small)\"><strong><a href=\"https:\/\/digit.srl\/en\/vetrina\/quinta-storia\/\">Quinta vetrina<\/a><\/strong>\u00a0\u2013\u00a0<strong>Apertura<\/strong>\u00a024 agosto 2020 \u2013\u00a0<strong>Presentazione<\/strong>\u00a026 agosto, 18:30<\/p>\n\n\n\n<figure class=\"wp-block-image size-large\"><img loading=\"lazy\" decoding=\"async\" width=\"1024\" height=\"461\" src=\"https:\/\/digit.srl\/wp-content\/uploads\/2021\/09\/WhatsApp-Image-2021-09-20-at-11.16.08-1024x461.jpeg\" alt=\"\" class=\"wp-image-1239\" style=\"aspect-ratio:16\/9;object-fit:cover\" srcset=\"https:\/\/digit.srl\/wp-content\/uploads\/2021\/09\/WhatsApp-Image-2021-09-20-at-11.16.08-1024x461.jpeg 1024w, https:\/\/digit.srl\/wp-content\/uploads\/2021\/09\/WhatsApp-Image-2021-09-20-at-11.16.08-300x135.jpeg 300w, https:\/\/digit.srl\/wp-content\/uploads\/2021\/09\/WhatsApp-Image-2021-09-20-at-11.16.08-768x346.jpeg 768w, https:\/\/digit.srl\/wp-content\/uploads\/2021\/09\/WhatsApp-Image-2021-09-20-at-11.16.08-18x8.jpeg 18w, https:\/\/digit.srl\/wp-content\/uploads\/2021\/09\/WhatsApp-Image-2021-09-20-at-11.16.08.jpeg 1440w\" sizes=\"(max-width: 1024px) 100vw, 1024px\" \/><\/figure>\n\n\n\n<p class=\"has-text-align-center\" style=\"margin-top:var(--wp--preset--spacing--x-small);margin-bottom:var(--wp--preset--spacing--x-small)\"><strong><a href=\"https:\/\/digit.srl\/en\/vetrina\/sesta-storia\/\">Sesta vetrina<\/a><\/strong>\u00a0\u2013\u00a0<strong>Apertura<\/strong>\u00a023 agosto 2021 \u2013\u00a0<strong>Presentazione<\/strong>\u00a025 agosto, 18:30<\/p>\n\n\n\n<figure class=\"wp-block-image size-large\"><img loading=\"lazy\" decoding=\"async\" width=\"1024\" height=\"575\" src=\"https:\/\/digit.srl\/wp-content\/uploads\/2022\/11\/WhatsApp-Image-2022-11-07-at-1.00.57-AM-1024x575.jpeg\" alt=\"\" class=\"wp-image-1766\" style=\"aspect-ratio:16\/9;object-fit:cover\" srcset=\"https:\/\/digit.srl\/wp-content\/uploads\/2022\/11\/WhatsApp-Image-2022-11-07-at-1.00.57-AM-1024x575.jpeg 1024w, https:\/\/digit.srl\/wp-content\/uploads\/2022\/11\/WhatsApp-Image-2022-11-07-at-1.00.57-AM-300x169.jpeg 300w, https:\/\/digit.srl\/wp-content\/uploads\/2022\/11\/WhatsApp-Image-2022-11-07-at-1.00.57-AM-768x432.jpeg 768w, https:\/\/digit.srl\/wp-content\/uploads\/2022\/11\/WhatsApp-Image-2022-11-07-at-1.00.57-AM-1536x863.jpeg 1536w, https:\/\/digit.srl\/wp-content\/uploads\/2022\/11\/WhatsApp-Image-2022-11-07-at-1.00.57-AM-18x10.jpeg 18w, https:\/\/digit.srl\/wp-content\/uploads\/2022\/11\/WhatsApp-Image-2022-11-07-at-1.00.57-AM.jpeg 1600w\" sizes=\"(max-width: 1024px) 100vw, 1024px\" \/><\/figure>\n\n\n\n<p class=\"has-text-align-center\" style=\"margin-top:var(--wp--preset--spacing--x-small);margin-bottom:var(--wp--preset--spacing--x-small)\"><strong><a href=\"https:\/\/digit.srl\/en\/vetrina\/settima-storia\/\">Settima vetrina<\/a><\/strong>\u00a0\u2013\u00a0<strong>Apertura<\/strong>\u00a01 agosto 2022 \u2013\u00a0<strong>Presentazione<\/strong>\u00a024 agosto, 18:30<\/p>\n<\/div>","protected":false},"excerpt":{"rendered":"<p>La vetrina che racconta storie ai passanti La vetrina di Corso Garibaldi 66 non vende nulla, ma racconta storie ai passanti, propone una visione originale delle tecnologie digitali, presenta documenti inediti, stimola riflessioni, invita a una pausa, sperimenta forme di coinvolgimento ed evolve nel tempo. \u201cAvendo scelto il centro storico di Urbino come sede per [&hellip;]<\/p>\n","protected":false},"author":2,"featured_media":0,"parent":0,"menu_order":0,"comment_status":"closed","ping_status":"closed","template":"page-templates\/template-pagebuilder-full-width.php","meta":{"footnotes":""},"yoast_head":"<!-- This site is optimized with the Yoast SEO plugin v23.5 - https:\/\/yoast.com\/wordpress\/plugins\/seo\/ -->\n<title>Garibaldi 66 - DIGIT srl<\/title>\n<meta name=\"robots\" content=\"index, follow, max-snippet:-1, max-image-preview:large, max-video-preview:-1\" \/>\n<link rel=\"canonical\" href=\"https:\/\/digit.srl\/en\/vetrina\/\" \/>\n<meta property=\"og:locale\" content=\"en_US\" \/>\n<meta property=\"og:type\" content=\"article\" \/>\n<meta property=\"og:title\" content=\"Garibaldi 66 - DIGIT srl\" \/>\n<meta property=\"og:description\" content=\"La vetrina che racconta storie ai passanti La vetrina di Corso Garibaldi 66 non vende nulla, ma racconta storie ai passanti, propone una visione originale delle tecnologie digitali, presenta documenti inediti, stimola riflessioni, invita a una pausa, sperimenta forme di coinvolgimento ed evolve nel tempo. \u201cAvendo scelto il centro storico di Urbino come sede per [&hellip;]\" \/>\n<meta property=\"og:url\" content=\"https:\/\/digit.srl\/en\/vetrina\/\" \/>\n<meta property=\"og:site_name\" content=\"DIGIT srl\" \/>\n<meta property=\"article:publisher\" content=\"https:\/\/www.facebook.com\/digit.srl.benefit\" \/>\n<meta property=\"article:modified_time\" content=\"2024-02-08T14:52:01+00:00\" \/>\n<meta property=\"og:image\" content=\"https:\/\/digit.srl\/wp-content\/uploads\/2020\/09\/vetrina-digit-fahrenheit-1024x512.jpg\" \/>\n<meta name=\"twitter:card\" content=\"summary_large_image\" \/>\n<meta name=\"twitter:site\" content=\"@digitsrl\" \/>\n<meta name=\"twitter:label1\" content=\"Est. reading time\" \/>\n\t<meta name=\"twitter:data1\" content=\"7 minutes\" \/>\n<script type=\"application\/ld+json\" class=\"yoast-schema-graph\">{\"@context\":\"https:\/\/schema.org\",\"@graph\":[{\"@type\":\"WebPage\",\"@id\":\"https:\/\/digit.srl\/vetrina\/\",\"url\":\"https:\/\/digit.srl\/vetrina\/\",\"name\":\"Garibaldi 66 - DIGIT srl\",\"isPartOf\":{\"@id\":\"https:\/\/digit.srl\/#website\"},\"primaryImageOfPage\":{\"@id\":\"https:\/\/digit.srl\/vetrina\/#primaryimage\"},\"image\":{\"@id\":\"https:\/\/digit.srl\/vetrina\/#primaryimage\"},\"thumbnailUrl\":\"https:\/\/digit.srl\/wp-content\/uploads\/2020\/09\/vetrina-digit-fahrenheit-1024x512.jpg\",\"datePublished\":\"2021-09-16T11:58:10+00:00\",\"dateModified\":\"2024-02-08T14:52:01+00:00\",\"breadcrumb\":{\"@id\":\"https:\/\/digit.srl\/vetrina\/#breadcrumb\"},\"inLanguage\":\"en-US\",\"potentialAction\":[{\"@type\":\"ReadAction\",\"target\":[\"https:\/\/digit.srl\/vetrina\/\"]}]},{\"@type\":\"ImageObject\",\"inLanguage\":\"en-US\",\"@id\":\"https:\/\/digit.srl\/vetrina\/#primaryimage\",\"url\":\"https:\/\/digit.srl\/wp-content\/uploads\/2020\/09\/vetrina-digit-fahrenheit-1024x512.jpg\",\"contentUrl\":\"https:\/\/digit.srl\/wp-content\/uploads\/2020\/09\/vetrina-digit-fahrenheit-1024x512.jpg\"},{\"@type\":\"BreadcrumbList\",\"@id\":\"https:\/\/digit.srl\/vetrina\/#breadcrumb\",\"itemListElement\":[{\"@type\":\"ListItem\",\"position\":1,\"name\":\"Home\",\"item\":\"https:\/\/digit.srl\/\"},{\"@type\":\"ListItem\",\"position\":2,\"name\":\"Garibaldi 66\"}]},{\"@type\":\"WebSite\",\"@id\":\"https:\/\/digit.srl\/#website\",\"url\":\"https:\/\/digit.srl\/\",\"name\":\"DIGIT srl\",\"description\":\"Innovazione sociale e digitale\",\"publisher\":{\"@id\":\"https:\/\/digit.srl\/#organization\"},\"potentialAction\":[{\"@type\":\"SearchAction\",\"target\":{\"@type\":\"EntryPoint\",\"urlTemplate\":\"https:\/\/digit.srl\/?s={search_term_string}\"},\"query-input\":{\"@type\":\"PropertyValueSpecification\",\"valueRequired\":true,\"valueName\":\"search_term_string\"}}],\"inLanguage\":\"en-US\"},{\"@type\":\"Organization\",\"@id\":\"https:\/\/digit.srl\/#organization\",\"name\":\"DIGIT srl\",\"url\":\"https:\/\/digit.srl\/\",\"logo\":{\"@type\":\"ImageObject\",\"inLanguage\":\"en-US\",\"@id\":\"https:\/\/digit.srl\/#\/schema\/logo\/image\/\",\"url\":\"https:\/\/digit.srl\/wp-content\/uploads\/2020\/09\/cropped-cropped-digit_logo_web-1.png\",\"contentUrl\":\"https:\/\/digit.srl\/wp-content\/uploads\/2020\/09\/cropped-cropped-digit_logo_web-1.png\",\"width\":1437,\"height\":671,\"caption\":\"DIGIT srl\"},\"image\":{\"@id\":\"https:\/\/digit.srl\/#\/schema\/logo\/image\/\"},\"sameAs\":[\"https:\/\/www.facebook.com\/digit.srl.benefit\",\"https:\/\/x.com\/digitsrl\",\"https:\/\/www.instagram.com\/digitsrl\/\",\"https:\/\/www.linkedin.com\/company\/digitsrl\/\"]}]}<\/script>\n<!-- \/ Yoast SEO plugin. -->","yoast_head_json":{"title":"Garibaldi 66 - DIGIT srl","robots":{"index":"index","follow":"follow","max-snippet":"max-snippet:-1","max-image-preview":"max-image-preview:large","max-video-preview":"max-video-preview:-1"},"canonical":"https:\/\/digit.srl\/en\/vetrina\/","og_locale":"en_US","og_type":"article","og_title":"Garibaldi 66 - DIGIT srl","og_description":"La vetrina che racconta storie ai passanti La vetrina di Corso Garibaldi 66 non vende nulla, ma racconta storie ai passanti, propone una visione originale delle tecnologie digitali, presenta documenti inediti, stimola riflessioni, invita a una pausa, sperimenta forme di coinvolgimento ed evolve nel tempo. \u201cAvendo scelto il centro storico di Urbino come sede per [&hellip;]","og_url":"https:\/\/digit.srl\/en\/vetrina\/","og_site_name":"DIGIT srl","article_publisher":"https:\/\/www.facebook.com\/digit.srl.benefit","article_modified_time":"2024-02-08T14:52:01+00:00","og_image":[{"url":"https:\/\/digit.srl\/wp-content\/uploads\/2020\/09\/vetrina-digit-fahrenheit-1024x512.jpg"}],"twitter_card":"summary_large_image","twitter_site":"@digitsrl","twitter_misc":{"Est. reading time":"7 minutes"},"schema":{"@context":"https:\/\/schema.org","@graph":[{"@type":"WebPage","@id":"https:\/\/digit.srl\/vetrina\/","url":"https:\/\/digit.srl\/vetrina\/","name":"Garibaldi 66 - DIGIT srl","isPartOf":{"@id":"https:\/\/digit.srl\/#website"},"primaryImageOfPage":{"@id":"https:\/\/digit.srl\/vetrina\/#primaryimage"},"image":{"@id":"https:\/\/digit.srl\/vetrina\/#primaryimage"},"thumbnailUrl":"https:\/\/digit.srl\/wp-content\/uploads\/2020\/09\/vetrina-digit-fahrenheit-1024x512.jpg","datePublished":"2021-09-16T11:58:10+00:00","dateModified":"2024-02-08T14:52:01+00:00","breadcrumb":{"@id":"https:\/\/digit.srl\/vetrina\/#breadcrumb"},"inLanguage":"en-US","potentialAction":[{"@type":"ReadAction","target":["https:\/\/digit.srl\/vetrina\/"]}]},{"@type":"ImageObject","inLanguage":"en-US","@id":"https:\/\/digit.srl\/vetrina\/#primaryimage","url":"https:\/\/digit.srl\/wp-content\/uploads\/2020\/09\/vetrina-digit-fahrenheit-1024x512.jpg","contentUrl":"https:\/\/digit.srl\/wp-content\/uploads\/2020\/09\/vetrina-digit-fahrenheit-1024x512.jpg"},{"@type":"BreadcrumbList","@id":"https:\/\/digit.srl\/vetrina\/#breadcrumb","itemListElement":[{"@type":"ListItem","position":1,"name":"Home","item":"https:\/\/digit.srl\/"},{"@type":"ListItem","position":2,"name":"Garibaldi 66"}]},{"@type":"WebSite","@id":"https:\/\/digit.srl\/#website","url":"https:\/\/digit.srl\/","name":"DIGIT srl","description":"Innovazione sociale e digitale","publisher":{"@id":"https:\/\/digit.srl\/#organization"},"potentialAction":[{"@type":"SearchAction","target":{"@type":"EntryPoint","urlTemplate":"https:\/\/digit.srl\/?s={search_term_string}"},"query-input":{"@type":"PropertyValueSpecification","valueRequired":true,"valueName":"search_term_string"}}],"inLanguage":"en-US"},{"@type":"Organization","@id":"https:\/\/digit.srl\/#organization","name":"DIGIT srl","url":"https:\/\/digit.srl\/","logo":{"@type":"ImageObject","inLanguage":"en-US","@id":"https:\/\/digit.srl\/#\/schema\/logo\/image\/","url":"https:\/\/digit.srl\/wp-content\/uploads\/2020\/09\/cropped-cropped-digit_logo_web-1.png","contentUrl":"https:\/\/digit.srl\/wp-content\/uploads\/2020\/09\/cropped-cropped-digit_logo_web-1.png","width":1437,"height":671,"caption":"DIGIT srl"},"image":{"@id":"https:\/\/digit.srl\/#\/schema\/logo\/image\/"},"sameAs":["https:\/\/www.facebook.com\/digit.srl.benefit","https:\/\/x.com\/digitsrl","https:\/\/www.instagram.com\/digitsrl\/","https:\/\/www.linkedin.com\/company\/digitsrl\/"]}]}},"_links":{"self":[{"href":"https:\/\/digit.srl\/en\/wp-json\/wp\/v2\/pages\/1123"}],"collection":[{"href":"https:\/\/digit.srl\/en\/wp-json\/wp\/v2\/pages"}],"about":[{"href":"https:\/\/digit.srl\/en\/wp-json\/wp\/v2\/types\/page"}],"author":[{"embeddable":true,"href":"https:\/\/digit.srl\/en\/wp-json\/wp\/v2\/users\/2"}],"replies":[{"embeddable":true,"href":"https:\/\/digit.srl\/en\/wp-json\/wp\/v2\/comments?post=1123"}],"version-history":[{"count":27,"href":"https:\/\/digit.srl\/en\/wp-json\/wp\/v2\/pages\/1123\/revisions"}],"predecessor-version":[{"id":1991,"href":"https:\/\/digit.srl\/en\/wp-json\/wp\/v2\/pages\/1123\/revisions\/1991"}],"wp:attachment":[{"href":"https:\/\/digit.srl\/en\/wp-json\/wp\/v2\/media?parent=1123"}],"curies":[{"name":"wp","href":"https:\/\/api.w.org\/{rel}","templated":true}]}}